{"id":2381,"date":"2024-08-16T07:37:59","date_gmt":"2024-08-16T07:37:59","guid":{"rendered":"https:\/\/agecad.com\/accessibilitat\/"},"modified":"2025-06-12T15:13:27","modified_gmt":"2025-06-12T15:13:27","slug":"accessibilitat","status":"publish","type":"page","link":"https:\/\/agecad.com\/ca\/accessibilitat\/","title":{"rendered":"Accessibilitat"},"content":{"rendered":"\t\t<div data-elementor-type=\"wp-page\" data-elementor-id=\"2381\" class=\"elementor elementor-2381 elementor-414\" data-elementor-post-type=\"page\">\n\t\t\t\t<div class=\"elementor-element elementor-element-38990e9 e-flex e-con-boxed e-con e-parent\" data-id=\"38990e9\" data-element_type=\"container\">\n\t\t\t\t\t<div class=\"e-con-inner\">\n\t\t\t\t<div class=\"elementor-element elementor-element-05b2161 elementor-widget elementor-widget-heading\" data-id=\"05b2161\" data-element_type=\"widget\" data-widget_type=\"heading.default\">\n\t\t\t\t<div class=\"elementor-widget-container\">\n\t\t\t\t\t<h2 class=\"elementor-heading-title elementor-size-default\">ACCESSIBILITAT<\/h2>\t\t\t\t<\/div>\n\t\t\t\t<\/div>\n\t\t<div class=\"elementor-element elementor-element-b07a95e e-con-full e-flex e-con e-child\" data-id=\"b07a95e\" data-element_type=\"container\" data-settings=\"{&quot;background_background&quot;:&quot;classic&quot;}\">\n\t\t\t\t<div class=\"elementor-element elementor-element-7fa8ffc elementor-widget elementor-widget-heading\" data-id=\"7fa8ffc\" data-element_type=\"widget\" data-widget_type=\"heading.default\">\n\t\t\t\t<div class=\"elementor-widget-container\">\n\t\t\t\t\t<h2 class=\"elementor-heading-title elementor-size-default\">introducci\u00f3<\/h2>\t\t\t\t<\/div>\n\t\t\t\t<\/div>\n\t\t\t\t<div class=\"elementor-element elementor-element-be6c544 elementor-widget elementor-widget-text-editor\" data-id=\"be6c544\" data-element_type=\"widget\" data-widget_type=\"text-editor.default\">\n\t\t\t\t<div class=\"elementor-widget-container\">\n\t\t\t\t\t\t\t\t\t<p><strong>INSTAL\u00b7LACIONS I MANTENIMENT AGECAD, SL<\/strong> s&#8217;ha comprom\u00e8s a fer accessible el vostre lloc web, de conformitat amb el <a href=\"https:\/\/www.boe.es\/diario_boe\/txt.php?id=BOE-A-2018-12699\">Reial Decret 1112\/2018, de 7 de setembre, sobre accessibilitat dels llocs web i aplicacions per a dispositius m\u00f2bils del sector p\u00fablic.<\/a><\/p><p>Aquesta declaraci\u00f3 d \u201caccessibilitat s\u201d aplica al web <a href=\"https:\/\/agecad.com\">https:\/\/agecad.com<\/a><\/p>\t\t\t\t\t\t\t\t<\/div>\n\t\t\t\t<\/div>\n\t\t\t\t<div class=\"elementor-element elementor-element-ab49cc7 elementor-widget elementor-widget-heading\" data-id=\"ab49cc7\" data-element_type=\"widget\" data-widget_type=\"heading.default\">\n\t\t\t\t<div class=\"elementor-widget-container\">\n\t\t\t\t\t<h2 class=\"elementor-heading-title elementor-size-default\">Situaci\u00f3 de compliment<\/h2>\t\t\t\t<\/div>\n\t\t\t\t<\/div>\n\t\t\t\t<div class=\"elementor-element elementor-element-d8b5eb1 elementor-widget elementor-widget-text-editor\" data-id=\"d8b5eb1\" data-element_type=\"widget\" data-widget_type=\"text-editor.default\">\n\t\t\t\t<div class=\"elementor-widget-container\">\n\t\t\t\t\t\t\t\t\t<p>Aquest lloc web \u00e9s parcialment conforme amb el <a class=\"ext\" href=\"https:\/\/www.boe.es\/diario_boe\/txt.php?id=BOE-A-2018-12699\" target=\"_blank\" rel=\"noopener noreferrer\" data-extlink=\"\" data-insuit-uuid=\"ca8ecb6f-6f37-4b01-8854-bb095d57c27a\">RD 1112\/2018<\/a> degut a les excepcions ia la manca de conformitat dels aspectes que s&#8217;indiquen al punt seg\u00fcent.<\/p>\t\t\t\t\t\t\t\t<\/div>\n\t\t\t\t<\/div>\n\t\t\t\t<div class=\"elementor-element elementor-element-5669732 elementor-widget elementor-widget-heading\" data-id=\"5669732\" data-element_type=\"widget\" data-widget_type=\"heading.default\">\n\t\t\t\t<div class=\"elementor-widget-container\">\n\t\t\t\t\t<h2 class=\"elementor-heading-title elementor-size-default\">Contingut no accessible<\/h2>\t\t\t\t<\/div>\n\t\t\t\t<\/div>\n\t\t\t\t<div class=\"elementor-element elementor-element-cfc4afa elementor-widget elementor-widget-text-editor\" data-id=\"cfc4afa\" data-element_type=\"widget\" data-widget_type=\"text-editor.default\">\n\t\t\t\t<div class=\"elementor-widget-container\">\n\t\t\t\t\t\t\t\t\t<p>El contingut que es recull a continuaci\u00f3 no \u00e9s accessible pel seg\u00fcent:<\/p><div class=\"i4t-include-i4t-h2-h3\" role=\"region\" aria-labelledby=\"i4t-id-5\" data-insuit-uuid=\"fa0833d9-b9bb-4e39-a1f5-869d267dec02\"><p id=\"i4t-id-5\" class=\"i4t-h2-h3 i4t-reference-include\"><strong>Manca de conformitat amb el RD 1112\/2018<\/strong><\/p><p>Podrien existir documents ofim\u00e0tics en PDF i altres formats publicats posteriorment al 20 de setembre de 2018 que no compleixin totalment els requisits d&#8217;accessibilitat. Es poden sol\u00b7licitar els documents completament accessibles des del formulari de contacte per formalitzar queixes i consultes. <\/p><p>Podrien existir errors de codi puntuals dedici\u00f3 en alguna p\u00e0gina web. [4.1.1 Processament] <\/p><\/div><div class=\"i4t-include-i4t-h2-h3\" role=\"region\" aria-labelledby=\"i4t-id-6\" data-insuit-uuid=\"ba62b608-735c-464d-81cb-9a032bf363f7\"><p id=\"i4t-id-6\" class=\"i4t-h2-h3 i4t-reference-include\"><strong>C\u00e0rrega desproporcionada<\/strong><\/p><p>No s&#8217;aplica.<\/p><\/div><div class=\"i4t-include-i4t-h2-h3\" role=\"region\" aria-labelledby=\"i4t-id-7\" data-insuit-uuid=\"889dbae3-f236-4f03-9776-77818804307f\"><p id=\"i4t-id-7\" class=\"i4t-h2-h3 i4t-reference-include\"><strong>El contingut no entra dins de l&#8217;\u00e0mbit de la legislaci\u00f3 aplicable<\/strong><\/p><p>Podrien existir fitxers ofim\u00e0tics en PDF o altres formats publicats abans del 20 de setembre de 2018 que no compleixin en la seva totalitat tots els requisits d&#8217;accessibilitat. <\/p><\/div>\t\t\t\t\t\t\t\t<\/div>\n\t\t\t\t<\/div>\n\t\t\t\t<div class=\"elementor-element elementor-element-1331bd1 elementor-widget elementor-widget-heading\" data-id=\"1331bd1\" data-element_type=\"widget\" data-widget_type=\"heading.default\">\n\t\t\t\t<div class=\"elementor-widget-container\">\n\t\t\t\t\t<h2 class=\"elementor-heading-title elementor-size-default\">Preparaci\u00f3 per a la seg\u00fcent declaraci\u00f3 d'accessibilitat<\/h2>\t\t\t\t<\/div>\n\t\t\t\t<\/div>\n\t\t\t\t<div class=\"elementor-element elementor-element-29c3d82 elementor-widget elementor-widget-text-editor\" data-id=\"29c3d82\" data-element_type=\"widget\" data-widget_type=\"text-editor.default\">\n\t\t\t\t<div class=\"elementor-widget-container\">\n\t\t\t\t\t\t\t\t\t<p>Aquesta declaraci\u00f3 va ser preparada el 28 de juny de 2021.<\/p><p>El m\u00e8tode emprat per preparar la declaraci\u00f3 ha estat una autoavaluaci\u00f3 duta a terme pel mateix organisme.<\/p><div class=\"mb-3 subtitle_3\">Observacions i dades de contacte<\/div><p>Podeu realitzar comunicacions sobre requisits d&#8217;accessibilitat (article 10.2.a del RD 1112\/2018) com ara:<\/p><ul><li>Informar sobre qualsevol possible incompliment per part d&#8217;aquest lloc web<\/li><li>Transmetre altres dificultats d&#8217;acc\u00e9s al contingut<\/li><li>Formular qualsevol altra consulta o suggeriment de millora relativa a l&#8217;accessibilitat del lloc web<\/li><\/ul><p>a trav\u00e9s de la nostra p\u00e0gina de <a href=\"https:\/\/focus.avannubo.net\/contacto\">contacte<\/a> .<\/p><p>Podeu presentar:<\/p><ul><li>Queixa relativa al compliment dels requisits del RD 1112\/2018 o<\/li><li>Sol\u00b7licitud d&#8217;informaci\u00f3 accessible relativa a:<ul><li>Continguts que estan exclosos de l\u00e0mbit daplicaci\u00f3 del RD 1112\/2018 segons el que estableix larticle 3, apartat 4<\/li><li>Continguts que estan exempts del compliment dels requisits d&#8217;accessibilitat per imposar una c\u00e0rrega desproporcionada<\/li><\/ul><\/li><\/ul><p>A la Sol\u00b7licitud d \u201cinformaci\u00f3 accessible, cal concretar, amb tota claredat, els fets, les raons i la petici\u00f3 que permetin constatar que es tracta d\u201d una sol\u00b7licitud raonable i leg\u00edtima.<\/p><p>Les queixes i reclamacions sobre informaci\u00f3 accessible es realitzaran a trav\u00e9s de la seu electr\u00f2nica ( <a class=\"ext\" href=\"https:\/\/sede.red.gob.es\/procedimientos\/quejas-y-sugerencias\" target=\"_blank\" rel=\"noopener noreferrer\" data-extlink=\"\" data-insuit-uuid=\"c0c5004f-eaa8-4c2f-9545-39e4691beba2\">https:\/\/sede.red.gob.es\/procedimientos\/quejas-y-sugerencias<\/a> ), i seran rebudes i tractades per l&#8217;\u00e0rea de Sistemes de la Informaci\u00f3 de Red.es.<\/p>\t\t\t\t\t\t\t\t<\/div>\n\t\t\t\t<\/div>\n\t\t\t\t<div class=\"elementor-element elementor-element-b743930 elementor-widget elementor-widget-heading\" data-id=\"b743930\" data-element_type=\"widget\" data-widget_type=\"heading.default\">\n\t\t\t\t<div class=\"elementor-widget-container\">\n\t\t\t\t\t<h2 class=\"elementor-heading-title elementor-size-default\">Contingut opcional<\/h2>\t\t\t\t<\/div>\n\t\t\t\t<\/div>\n\t\t\t\t<div class=\"elementor-element elementor-element-84358ef elementor-widget elementor-widget-text-editor\" data-id=\"84358ef\" data-element_type=\"widget\" data-widget_type=\"text-editor.default\">\n\t\t\t\t<div class=\"elementor-widget-container\">\n\t\t\t\t\t\t\t\t\t<p>Aquest portal est\u00e0 dissenyat per poder canviar la mida del text i el color, aix\u00ed com el fons de la p\u00e0gina mitjan\u00e7ant les opcions de configuraci\u00f3 est\u00e0ndard dels navegadors.<\/p><p>Si voleu canviar la mida de lletra del text als principals navegadors gr\u00e0fics utilitzeu els men\u00fas seg\u00fcents:<\/p><ul><li>Internet Explorer, Mozilla i Firefox: Veure&gt; Grand\u00e0ria del text<\/li><li>Opera: Veure&gt; Zoom<\/li><li>Safari: Veure&gt; Fer el text m\u00e9s gran<\/li><li>Chrome: Controla la p\u00e0gina actual&gt; Grand\u00e0ria del text<\/li><li>Per modificar la mida de tot a la p\u00e0gina:<ul><li>Ctrl + + per augmentar-ho<\/li><li>Ctrl + \u2013 per disminuir-ho<\/li><li>Ctrl + 0 restaura la mida original del text<\/li><li>Si el que voleu \u00e9s anul\u00b7lar el full d \u201cestils o modificar el <span dir=\"ltr\" lang=\"en\">color del text, podeu consultar la p\u00e0gina How to Change Text Size or Colors de la WAI<\/span> , que es pot llegir tradu\u00eft a l\u201d espanyol a Com canviar la mida del text o colors?<\/li><\/ul><\/li><\/ul>\t\t\t\t\t\t\t\t<\/div>\n\t\t\t\t<\/div>\n\t\t\t\t<\/div>\n\t\t\t\t\t<\/div>\n\t\t\t\t<\/div>\n\t\t\t\t<\/div>\n\t\t","protected":false},"excerpt":{"rendered":"<p>ACCESSIBILITAT introducci\u00f3 INSTAL\u00b7LACIONS I MANTENIMENT AGECAD, SL s&#8217;ha comprom\u00e8s a fer accessible el vostre lloc web, de conformitat amb el [&hellip;]<\/p>\n","protected":false},"author":1,"featured_media":0,"parent":0,"menu_order":0,"comment_status":"closed","ping_status":"closed","template":"","meta":{"site-sidebar-layout":"no-sidebar","site-content-layout":"","ast-site-content-layout":"full-width-container","site-content-style":"default","site-sidebar-style":"default","ast-global-header-display":"","ast-banner-title-visibility":"","ast-main-header-display":"","ast-hfb-above-header-display":"","ast-hfb-below-header-display":"","ast-hfb-mobile-header-display":"","site-post-title":"disabled","ast-breadcrumbs-content":"","ast-featured-img":"disabled","footer-sml-layout":"","theme-transparent-header-meta":"","adv-header-id-meta":"","stick-header-meta":"","header-above-stick-meta":"","header-main-stick-meta":"","header-below-stick-meta":"","astra-migrate-meta-layouts":"default","ast-page-background-enabled":"default","ast-page-background-meta":{"desktop":{"background-color":"var(--ast-global-color-4)","background-image":"","background-repeat":"repeat","background-position":"center center","background-size":"auto","background-attachment":"scroll","background-type":"","background-media":"","overlay-type":"","overlay-color":"","overlay-opacity":"","overlay-gradient":""},"tablet":{"background-color":"","background-image":"","background-repeat":"repeat","background-position":"center center","background-size":"auto","background-attachment":"scroll","background-type":"","background-media":"","overlay-type":"","overlay-color":"","overlay-opacity":"","overlay-gradient":""},"mobile":{"background-color":"","background-image":"","background-repeat":"repeat","background-position":"center center","background-size":"auto","background-attachment":"scroll","background-type":"","background-media":"","overlay-type":"","overlay-color":"","overlay-opacity":"","overlay-gradient":""}},"ast-content-background-meta":{"desktop":{"background-color":"var(--ast-global-color-5)","background-image":"","background-repeat":"repeat","background-position":"center center","background-size":"auto","background-attachment":"scroll","background-type":"","background-media":"","overlay-type":"","overlay-color":"","overlay-opacity":"","overlay-gradient":""},"tablet":{"background-color":"var(--ast-global-color-5)","background-image":"","background-repeat":"repeat","background-position":"center center","background-size":"auto","background-attachment":"scroll","background-type":"","background-media":"","overlay-type":"","overlay-color":"","overlay-opacity":"","overlay-gradient":""},"mobile":{"background-color":"var(--ast-global-color-5)","background-image":"","background-repeat":"repeat","background-position":"center center","background-size":"auto","background-attachment":"scroll","background-type":"","background-media":"","overlay-type":"","overlay-color":"","overlay-opacity":"","overlay-gradient":""}},"footnotes":""},"class_list":["post-2381","page","type-page","status-publish","hentry"],"yoast_head":"<!-- This site is optimized with the Yoast SEO plugin v26.8 - https:\/\/yoast.com\/product\/yoast-seo-wordpress\/ -->\n<title>Accessibilitat - Agecad<\/title>\n<meta name=\"robots\" content=\"index, follow, max-snippet:-1, max-image-preview:large, max-video-preview:-1\" \/>\n<link rel=\"canonical\" href=\"https:\/\/agecad.com\/ca\/accessibilitat\/\" \/>\n<meta property=\"og:locale\" content=\"ca_ES\" \/>\n<meta property=\"og:type\" content=\"article\" \/>\n<meta property=\"og:title\" content=\"Accessibilitat - Agecad\" \/>\n<meta property=\"og:description\" content=\"ACCESSIBILITAT introducci\u00f3 INSTAL\u00b7LACIONS I MANTENIMENT AGECAD, SL s&#8217;ha comprom\u00e8s a fer accessible el vostre lloc web, de conformitat amb el [&hellip;]\" \/>\n<meta property=\"og:url\" content=\"https:\/\/agecad.com\/ca\/accessibilitat\/\" \/>\n<meta property=\"og:site_name\" content=\"Agecad\" \/>\n<meta property=\"article:modified_time\" content=\"2025-06-12T15:13:27+00:00\" \/>\n<meta name=\"twitter:card\" content=\"summary_large_image\" \/>\n<meta name=\"twitter:label1\" content=\"Temps estimat de lectura\" \/>\n\t<meta name=\"twitter:data1\" content=\"3 minuts\" \/>\n<script type=\"application\/ld+json\" class=\"yoast-schema-graph\">{\"@context\":\"https:\/\/schema.org\",\"@graph\":[{\"@type\":\"WebPage\",\"@id\":\"https:\/\/agecad.com\/ca\/accessibilitat\/\",\"url\":\"https:\/\/agecad.com\/ca\/accessibilitat\/\",\"name\":\"Accessibilitat - Agecad\",\"isPartOf\":{\"@id\":\"https:\/\/agecad.com\/#website\"},\"datePublished\":\"2024-08-16T07:37:59+00:00\",\"dateModified\":\"2025-06-12T15:13:27+00:00\",\"breadcrumb\":{\"@id\":\"https:\/\/agecad.com\/ca\/accessibilitat\/#breadcrumb\"},\"inLanguage\":\"ca\",\"potentialAction\":[{\"@type\":\"ReadAction\",\"target\":[\"https:\/\/agecad.com\/ca\/accessibilitat\/\"]}]},{\"@type\":\"BreadcrumbList\",\"@id\":\"https:\/\/agecad.com\/ca\/accessibilitat\/#breadcrumb\",\"itemListElement\":[{\"@type\":\"ListItem\",\"position\":1,\"name\":\"Portada\",\"item\":\"https:\/\/agecad.com\/ca\/inici\/\"},{\"@type\":\"ListItem\",\"position\":2,\"name\":\"Accessibilitat\"}]},{\"@type\":\"WebSite\",\"@id\":\"https:\/\/agecad.com\/#website\",\"url\":\"https:\/\/agecad.com\/\",\"name\":\"Agecad\",\"description\":\"\",\"publisher\":{\"@id\":\"https:\/\/agecad.com\/#organization\"},\"potentialAction\":[{\"@type\":\"SearchAction\",\"target\":{\"@type\":\"EntryPoint\",\"urlTemplate\":\"https:\/\/agecad.com\/?s={search_term_string}\"},\"query-input\":{\"@type\":\"PropertyValueSpecification\",\"valueRequired\":true,\"valueName\":\"search_term_string\"}}],\"inLanguage\":\"ca\"},{\"@type\":\"Organization\",\"@id\":\"https:\/\/agecad.com\/#organization\",\"name\":\"Agecad\",\"url\":\"https:\/\/agecad.com\/\",\"logo\":{\"@type\":\"ImageObject\",\"inLanguage\":\"ca\",\"@id\":\"https:\/\/agecad.com\/#\/schema\/logo\/image\/\",\"url\":\"https:\/\/agecad.com\/wp-content\/uploads\/2024\/08\/Agecad_Logo_Web-scaled.png\",\"contentUrl\":\"https:\/\/agecad.com\/wp-content\/uploads\/2024\/08\/Agecad_Logo_Web-scaled.png\",\"width\":2560,\"height\":790,\"caption\":\"Agecad\"},\"image\":{\"@id\":\"https:\/\/agecad.com\/#\/schema\/logo\/image\/\"}}]}<\/script>\n<!-- \/ Yoast SEO plugin. -->","yoast_head_json":{"title":"Accessibilitat - Agecad","robots":{"index":"index","follow":"follow","max-snippet":"max-snippet:-1","max-image-preview":"max-image-preview:large","max-video-preview":"max-video-preview:-1"},"canonical":"https:\/\/agecad.com\/ca\/accessibilitat\/","og_locale":"ca_ES","og_type":"article","og_title":"Accessibilitat - Agecad","og_description":"ACCESSIBILITAT introducci\u00f3 INSTAL\u00b7LACIONS I MANTENIMENT AGECAD, SL s&#8217;ha comprom\u00e8s a fer accessible el vostre lloc web, de conformitat amb el [&hellip;]","og_url":"https:\/\/agecad.com\/ca\/accessibilitat\/","og_site_name":"Agecad","article_modified_time":"2025-06-12T15:13:27+00:00","twitter_card":"summary_large_image","twitter_misc":{"Temps estimat de lectura":"3 minuts"},"schema":{"@context":"https:\/\/schema.org","@graph":[{"@type":"WebPage","@id":"https:\/\/agecad.com\/ca\/accessibilitat\/","url":"https:\/\/agecad.com\/ca\/accessibilitat\/","name":"Accessibilitat - Agecad","isPartOf":{"@id":"https:\/\/agecad.com\/#website"},"datePublished":"2024-08-16T07:37:59+00:00","dateModified":"2025-06-12T15:13:27+00:00","breadcrumb":{"@id":"https:\/\/agecad.com\/ca\/accessibilitat\/#breadcrumb"},"inLanguage":"ca","potentialAction":[{"@type":"ReadAction","target":["https:\/\/agecad.com\/ca\/accessibilitat\/"]}]},{"@type":"BreadcrumbList","@id":"https:\/\/agecad.com\/ca\/accessibilitat\/#breadcrumb","itemListElement":[{"@type":"ListItem","position":1,"name":"Portada","item":"https:\/\/agecad.com\/ca\/inici\/"},{"@type":"ListItem","position":2,"name":"Accessibilitat"}]},{"@type":"WebSite","@id":"https:\/\/agecad.com\/#website","url":"https:\/\/agecad.com\/","name":"Agecad","description":"","publisher":{"@id":"https:\/\/agecad.com\/#organization"},"potentialAction":[{"@type":"SearchAction","target":{"@type":"EntryPoint","urlTemplate":"https:\/\/agecad.com\/?s={search_term_string}"},"query-input":{"@type":"PropertyValueSpecification","valueRequired":true,"valueName":"search_term_string"}}],"inLanguage":"ca"},{"@type":"Organization","@id":"https:\/\/agecad.com\/#organization","name":"Agecad","url":"https:\/\/agecad.com\/","logo":{"@type":"ImageObject","inLanguage":"ca","@id":"https:\/\/agecad.com\/#\/schema\/logo\/image\/","url":"https:\/\/agecad.com\/wp-content\/uploads\/2024\/08\/Agecad_Logo_Web-scaled.png","contentUrl":"https:\/\/agecad.com\/wp-content\/uploads\/2024\/08\/Agecad_Logo_Web-scaled.png","width":2560,"height":790,"caption":"Agecad"},"image":{"@id":"https:\/\/agecad.com\/#\/schema\/logo\/image\/"}}]}},"_links":{"self":[{"href":"https:\/\/agecad.com\/ca\/wp-json\/wp\/v2\/pages\/2381","targetHints":{"allow":["GET"]}}],"collection":[{"href":"https:\/\/agecad.com\/ca\/wp-json\/wp\/v2\/pages"}],"about":[{"href":"https:\/\/agecad.com\/ca\/wp-json\/wp\/v2\/types\/page"}],"author":[{"embeddable":true,"href":"https:\/\/agecad.com\/ca\/wp-json\/wp\/v2\/users\/1"}],"replies":[{"embeddable":true,"href":"https:\/\/agecad.com\/ca\/wp-json\/wp\/v2\/comments?post=2381"}],"version-history":[{"count":1,"href":"https:\/\/agecad.com\/ca\/wp-json\/wp\/v2\/pages\/2381\/revisions"}],"predecessor-version":[{"id":2382,"href":"https:\/\/agecad.com\/ca\/wp-json\/wp\/v2\/pages\/2381\/revisions\/2382"}],"wp:attachment":[{"href":"https:\/\/agecad.com\/ca\/wp-json\/wp\/v2\/media?parent=2381"}],"curies":[{"name":"wp","href":"https:\/\/api.w.org\/{rel}","templated":true}]}}