{"id":2383,"date":"2024-08-16T07:31:51","date_gmt":"2024-08-16T07:31:51","guid":{"rendered":"https:\/\/agecad.com\/avis-legal\/"},"modified":"2026-01-28T08:40:31","modified_gmt":"2026-01-28T08:40:31","slug":"avis-legal","status":"publish","type":"page","link":"https:\/\/agecad.com\/ca\/avis-legal\/","title":{"rendered":"Av\u00eds Legal"},"content":{"rendered":"\t\t<div data-elementor-type=\"wp-page\" data-elementor-id=\"2383\" class=\"elementor elementor-2383 elementor-403\" data-elementor-post-type=\"page\">\n\t\t\t\t<div class=\"elementor-element elementor-element-4b30929 e-flex e-con-boxed e-con e-parent\" data-id=\"4b30929\" data-element_type=\"container\">\n\t\t\t\t\t<div class=\"e-con-inner\">\n\t\t\t\t<div class=\"elementor-element elementor-element-ae29f5c elementor-widget elementor-widget-heading\" data-id=\"ae29f5c\" data-element_type=\"widget\" data-widget_type=\"heading.default\">\n\t\t\t\t<div class=\"elementor-widget-container\">\n\t\t\t\t\t<h2 class=\"elementor-heading-title elementor-size-default\">AV\u00cdS LEGAL<\/h2>\t\t\t\t<\/div>\n\t\t\t\t<\/div>\n\t\t<div class=\"elementor-element elementor-element-5158796 e-con-full e-flex e-con e-child\" data-id=\"5158796\" data-element_type=\"container\" data-settings=\"{&quot;background_background&quot;:&quot;classic&quot;}\">\n\t\t\t\t<div class=\"elementor-element elementor-element-5190001 elementor-widget elementor-widget-text-editor\" data-id=\"5190001\" data-element_type=\"widget\" data-widget_type=\"text-editor.default\">\n\t\t\t\t<div class=\"elementor-widget-container\">\n\t\t\t\t\t\t\t\t\t<p>Amb la finalitat de donar compliment a l&#8217;article 10 de la Llei 34\/2002 de Serveis de la Societat de la Informaci\u00f3 i del Comer\u00e7 Electr\u00f2nic, informem els usuaris de les nostres dades:<\/p>\t\t\t\t\t\t\t\t<\/div>\n\t\t\t\t<\/div>\n\t\t\t\t<div class=\"elementor-element elementor-element-169cca4 elementor-widget elementor-widget-text-editor\" data-id=\"169cca4\" data-element_type=\"widget\" data-widget_type=\"text-editor.default\">\n\t\t\t\t<div class=\"elementor-widget-container\">\n\t\t\t\t\t\t\t\t\t<ul><li><strong style=\"font-style: inherit;\">Denominaci\u00f3 social:<\/strong><span style=\"font-style: inherit; font-weight: inherit;\"> INSTALACIONES Y MANTENIMIENTOS AGECAD, S.L.<\/span><\/li><li><strong>Domicili social:<\/strong> C\/ Angel Guimer\u00e1 2-4, 08923, Santa Coloma de Gramenet+.<\/li><li><strong>N.I.F.:<\/strong> B61467874<\/li><li><strong>Tel\u00e8fon de contacte<\/strong>: (+34) 93 466 37 48<\/li><li><strong>Direcci\u00f3 de correu electr\u00f2nic de contacte<\/strong>: <a href=\"mailto:agecad@agecad.com\">agecad@agecad.com<\/a><\/li><li><strong>Lloc Web<\/strong>: <a href=\"https:\/\/agecad.com\/ca\/\">www.agecad.com<\/a><\/li><li><strong>Registre Mercantil:<\/strong> Registro Mercantil de Barcelona, Tomo 30280, Folio 59, Hoja B-171052.<\/li><\/ul>\t\t\t\t\t\t\t\t<\/div>\n\t\t\t\t<\/div>\n\t\t\t\t<div class=\"elementor-element elementor-element-532b2e4 elementor-widget elementor-widget-heading\" data-id=\"532b2e4\" data-element_type=\"widget\" data-widget_type=\"heading.default\">\n\t\t\t\t<div class=\"elementor-widget-container\">\n\t\t\t\t\t<h2 class=\"elementor-heading-title elementor-size-default\">1. Objecte<\/h2>\t\t\t\t<\/div>\n\t\t\t\t<\/div>\n\t\t\t\t<div class=\"elementor-element elementor-element-6c771c5 elementor-widget elementor-widget-text-editor\" data-id=\"6c771c5\" data-element_type=\"widget\" data-widget_type=\"text-editor.default\">\n\t\t\t\t<div class=\"elementor-widget-container\">\n\t\t\t\t\t\t\t\t\t<p>El present Av\u00eds Legal t\u00e9 com a objectiu informar a tots els usuaris sobre la configuraci\u00f3 i condicions d&#8217;\u00fas del Lloc web (<a href=\"http:\/\/www.agecad.com\">www.agecad.com<\/a>) de <strong>INSTALACIONES Y MANTENIMIENTOS AGECAD, S.L<\/strong>. (d&#8217;ara endavant, \u201cAGECAD\u201d). D&#8217;aquesta manera, AGECAD compleix amb les obligacions previstes en la Llei 34\/2002, de Serveis de la Societat de la Informaci\u00f3 i del Comer\u00e7 Electr\u00f2nic (LSSICE).<\/p><p>El present Av\u00eds Legal est\u00e0 subjecte a revisi\u00f3 cont\u00ednua per part de AGECAD, modificant-se sempre que resulti necessari a fi d&#8217;adaptar-ho a l&#8217;actualitat legislativa de cada moment o a qualsevol variaci\u00f3 en el nostre Lloc web. Per aix\u00f2, li recomanem revisar peri\u00f2dicament aquest document per a mantenir-se informat sobre qualsevol novetat relacionada amb la configuraci\u00f3 i \u00fas del Lloc web. <\/p>\t\t\t\t\t\t\t\t<\/div>\n\t\t\t\t<\/div>\n\t\t\t\t<div class=\"elementor-element elementor-element-40142af elementor-widget elementor-widget-heading\" data-id=\"40142af\" data-element_type=\"widget\" data-widget_type=\"heading.default\">\n\t\t\t\t<div class=\"elementor-widget-container\">\n\t\t\t\t\t<h2 class=\"elementor-heading-title elementor-size-default\">2. ACCEPTACI\u00d3 DE L'USUARI<\/h2>\t\t\t\t<\/div>\n\t\t\t\t<\/div>\n\t\t\t\t<div class=\"elementor-element elementor-element-b1301b3 elementor-widget elementor-widget-text-editor\" data-id=\"b1301b3\" data-element_type=\"widget\" data-widget_type=\"text-editor.default\">\n\t\t\t\t<div class=\"elementor-widget-container\">\n\t\t\t\t\t\t\t\t\t<p>L&#8217;acc\u00e9s i \u00fas del nostre Lloc web li atribueix la condici\u00f3 de \u201cusuari\u201d. Des d&#8217;aquest acc\u00e9s i\/o \u00fas, es considera que l&#8217;usuari accepta de manera absoluta i sense reserves les normes i condicions d&#8217;\u00fas previstes en el present Av\u00eds Legal. Si l&#8217;usuari decideix no acceptar qualsevol de les referides normes o condicions, o manifesta algun tipus de reserva, ha d&#8217;abstenir-se d&#8217;accedir i\/o utilitzar el nostre Lloc web  <\/p>\t\t\t\t\t\t\t\t<\/div>\n\t\t\t\t<\/div>\n\t\t\t\t<div class=\"elementor-element elementor-element-c7e1e86 elementor-widget elementor-widget-heading\" data-id=\"c7e1e86\" data-element_type=\"widget\" data-widget_type=\"heading.default\">\n\t\t\t\t<div class=\"elementor-widget-container\">\n\t\t\t\t\t<h2 class=\"elementor-heading-title elementor-size-default\">3. Condicions d'acc\u00e9s i \u00fas del lloc web<\/h2>\t\t\t\t<\/div>\n\t\t\t\t<\/div>\n\t\t\t\t<div class=\"elementor-element elementor-element-61c36c2 elementor-widget elementor-widget-text-editor\" data-id=\"61c36c2\" data-element_type=\"widget\" data-widget_type=\"text-editor.default\">\n\t\t\t\t<div class=\"elementor-widget-container\">\n\t\t\t\t\t\t\t\t\t<h5>1.1. Car\u00e0cter gratu\u00eft d&#8217;acc\u00e9s al Lloc web<\/h5><p>L&#8217;acc\u00e9s i \u00fas del Lloc web de AGECAD t\u00e9 car\u00e0cter gratu\u00eft per a tots els usuaris. En cas que els productes i serveis oferts a trav\u00e9s del Lloc web estiguessin sotmesos al pagament d&#8217;algun preu, els usuaris seran pr\u00e8via i degudament informats a trav\u00e9s del Lloc web per a la seva acceptaci\u00f3 en els termes econ\u00f2mics que corresponguin a cada moment. <\/p><h5>1.2. Obligaci\u00f3 de fer un \u00fas correcte del Lloc web<\/h5><p>L&#8217;usuari es compromet a utilitzar el Lloc web conformement a les disposicions del present Av\u00eds Legal, havent d&#8217;abstenir-se de realitzar les seg\u00fcents accions:<\/p><ul><li>dur a terme activitats contr\u00e0ries a la llei vigent, moral, als bons costums o a l&#8217;ordre p\u00fablic establert, o amb finalitats il\u00b7l\u00edcits, prohibits o lesius de drets i interessos de AGECAD o de tercers (especialment, drets de propietat intel\u00b7lectual, industrial o an\u00e0legs).<\/li><li>utilitzar el Lloc web o part del mateix en altres llocs web privats o comercials, aix\u00ed com establir enlla\u00e7os o enlla\u00e7os al Lloc web o a algun dels seus continguts (excepte autoritzaci\u00f3 expressa i per escrit de *AGECAD).<\/li><li>falsejar la identitat de l&#8217;usuari o suplantar la d&#8217;un tercer, aix\u00ed com facilitar dades falses en l&#8217;emplenament de formularis i altres documents d&#8217;an\u00e0loga naturalesa. Ser\u00e0 responsabilitat de l&#8217;usuari mantenir tota la informaci\u00f3 facilitada a AGECAD permanentment actualitzada, sent a m\u00e9s l&#8217;\u00fanic responsable de les manifestacions falses o inexactes que realitzi i dels prejudicis que pogu\u00e9s causar a AGECAD o a tercers per aix\u00f2. <\/li><li>utilitzar codis maliciosos o programes inform\u00e0tics que puguin interrompre, obstaculitzar, inutilitzar o directament danyar el Lloc web, els seus continguts o serveis i els equips, sistemes i xarxes que els donen suport.<\/li><\/ul><p>Els continguts i serveis oferts a trav\u00e9s del Lloc web estan destinats per a ser utilitzats per persones majors d&#8217;edat. \u00danicament es permet l&#8217;acc\u00e9s i \u00fas del Lloc web per part de menors d&#8217;edat si aquests \u00faltims compten amb l&#8217;autoritzaci\u00f3 pr\u00e8via dels seus pares, tutors o representants legals, els qui seran responsables de tots els actes realitzats a trav\u00e9s del Lloc web pels menors al seu c\u00e0rrec. <\/p><p>AGECAD se reserva el derecho a denegar discrecionalmente a cualquier usuario el acceso al Sitio Web, sus contenido y servicios, si existen indicios de que los ha utilizado o los utilizar\u00e1 infringiendo las disposiciones del presente Aviso Legal. AGECAD conservar\u00e1 todos los dem\u00e1s derechos adicionales que pudieran corresponderle frente al usuario, en especial los referentes al inicio de procedimientos judiciales penales o civiles. <\/p>\t\t\t\t\t\t\t\t<\/div>\n\t\t\t\t<\/div>\n\t\t\t\t<div class=\"elementor-element elementor-element-0cd46d5 elementor-widget elementor-widget-heading\" data-id=\"0cd46d5\" data-element_type=\"widget\" data-widget_type=\"heading.default\">\n\t\t\t\t<div class=\"elementor-widget-container\">\n\t\t\t\t\t<h2 class=\"elementor-heading-title elementor-size-default\">4. RESPONSABILIDADES<\/h2>\t\t\t\t<\/div>\n\t\t\t\t<\/div>\n\t\t\t\t<div class=\"elementor-element elementor-element-328758b elementor-widget elementor-widget-text-editor\" data-id=\"328758b\" data-element_type=\"widget\" data-widget_type=\"text-editor.default\">\n\t\t\t\t<div class=\"elementor-widget-container\">\n\t\t\t\t\t\t\t\t\t<p>L&#8217;usuari utilitza el Lloc web pel seu propi compte i risc. Mitjan\u00e7ant el seu acc\u00e9s, l&#8217;usuari s&#8217;obliga a utilitzar el Lloc web conforme a la Llei i les disposicions del present Av\u00eds Legal, responent enfront de AGECAD i enfront de tercers de qualsevol mal o perjudici que pogu\u00e9s causar-se a conseq\u00fc\u00e8ncia de l&#8217;incompliment d&#8217;aquesta obligaci\u00f3. <\/p><p>AGECAD proporciona als seus usuaris l&#8217;acc\u00e9s al present Lloc web, els seus continguts i serveis amb un nivell de compet\u00e8ncia i dilig\u00e8ncia raonable. En aquest sentit, el present Lloc web ha estat revisat i provat perqu\u00e8 funcioni correctament els 365 dies de l&#8217;any, 24 hores al dia. A m\u00e9s, el Lloc web utilitza cookies per a dur a terme determinades funcions que s\u00f3n considerades imprescindibles per al seu correcte funcionament i visualitzaci\u00f3. Per a obtenir m\u00e9s informaci\u00f3 sobre les cookies que gestiona AGECAD, l&#8217;usuari pot accedir a la nostra Pol\u00edtica de Cookies.   <\/p><p>No obstant aix\u00f2, AGECAD no pot oferir garanties ni fer-se responsable dels danys i perjudicis de qualsevol naturalesa que poguessin derivar-se de:<\/p><ul><li>la falta de disponibilitat o efectiu funcionament del Lloc web, dels seus serveis i continguts, a causa de causes alienes al control de AGECAD.<\/li><li>accions necess\u00e0ries per a dur a terme operacions de millora, manteniment o an\u00e0logues del Lloc web.<\/li><li>fallades o desconnexions en les xarxes de telecomunicacions que interrompin el servei, aix\u00ed com altres circumst\u00e0ncies esdevingudes per cas fortu\u00eft o for\u00e7a major.<\/li><li>continguts publicitaris o ofertes que pogu\u00e9s albergar el Lloc web, sent els anunciants o oferents els \u00fanics responsables d&#8217;assegurar que el material rem\u00e8s per a la seva inclusi\u00f3 en el Lloc web compleix amb la normativa legal aplicable. AGECAD no ser\u00e0 responsable de qualsevol error, inexactitud o irregularitat que puguin presentar aquests continguts. <\/li><li>informaci\u00f3 publicada en el Lloc web, sempre que aquesta informaci\u00f3 hagi estat manipulada o introdu\u00efda per un tercer ali\u00e8.<\/li><li>errors de seguretat que puguin causar-se en el sistema inform\u00e0tic de l&#8217;usuari (maquinari i programari), a conseq\u00fc\u00e8ncia de la pres\u00e8ncia de virus en el dispositiu de l&#8217;usuari utilitzat per a la connexi\u00f3 al Lloc web.<\/li><li>un \u00fas del Lloc web, dels seus serveis i continguts, il\u00b7l\u00edcit, negligent, fraudulent o contrari al present Av\u00eds Legal.<\/li><li>l&#8217;incompliment o la falta de licitud, qualitat, fiabilitat, utilitat i disponibilitat dels productes o serveis prestats per tercers i llocs a la disposici\u00f3 dels usuaris a trav\u00e9s del Lloc web.<\/li><li>informaci\u00f3 i continguts emmagatzemats, a t\u00edtol enunciatiu i no limitatiu, en f\u00f2rums, xats, blogs, xarxes socials o qualsevol altra plataforma que permeti a usuaris i tercers publicar continguts en el Lloc web. No obstant aix\u00f2, en virtut dels arts. 11 i 16 de la LSSICE, AGECAD es posa a la disposici\u00f3 dels \u00f2rgans competents col\u00b7laborant amb ells de manera activa en la retirada i, si \u00e9s el cas, el bloqueig de tots aquells continguts que atemptin contra els principis recollits en l&#8217;art. 8 de la citada Llei. En cas que l&#8217;usuari consideri que pot existir algun contingut que pogu\u00e9s ser susceptible d&#8217;infringir el citat precepte legal, es prega que ho notifiqui immediatament a AGECAD.   <\/li><\/ul><p>El Lloc web pot contenir enlla\u00e7os a altres llocs web i incorporar informaci\u00f3 o serveis de tercers, a fi de facilitar l&#8217;acc\u00e9s de l&#8217;usuari a informaci\u00f3 d&#8217;empreses col\u00b7laboradores. AGECAD no exerceix control algun sobre els mateixos i no es responsabilitza del seu contingut ni funcionament. AGECAD \u00fanicament ofereix a l&#8217;usuari aquests enlla\u00e7os i informaci\u00f3 o serveis per a la seva comoditat, sent responsabilitat del mateix llegir i acceptar les condicions d&#8217;\u00fas i pol\u00edtiques de privacitat publicades en els llocs web o aplicacions vinculats.  <\/p>\t\t\t\t\t\t\t\t<\/div>\n\t\t\t\t<\/div>\n\t\t\t\t<div class=\"elementor-element elementor-element-84f1e77 elementor-widget elementor-widget-heading\" data-id=\"84f1e77\" data-element_type=\"widget\" data-widget_type=\"heading.default\">\n\t\t\t\t<div class=\"elementor-widget-container\">\n\t\t\t\t\t<h2 class=\"elementor-heading-title elementor-size-default\">5. Protecci\u00f3 de dades personals<\/h2>\t\t\t\t<\/div>\n\t\t\t\t<\/div>\n\t\t\t\t<div class=\"elementor-element elementor-element-d720cec elementor-widget elementor-widget-text-editor\" data-id=\"d720cec\" data-element_type=\"widget\" data-widget_type=\"text-editor.default\">\n\t\t\t\t<div class=\"elementor-widget-container\">\n\t\t\t\t\t\t\t\t\t<p>AGECAD, en qualitat de titular i responsable del present Lloc web, informa a tots els usuaris que hagin facilitat o tinguin intenci\u00f3 de facilitar les seves dades personals, que aquests seran tractats per AGECAD conformement a la normativa legal de refer\u00e8ncia en mat\u00e8ria de protecci\u00f3 de dades, aix\u00f2 \u00e9s, el Reglament (UE) 2016\/679 del Parlament Europeu i del Consell de 27 d&#8217;abril de 2016 i la Llei org\u00e0nica 3\/2018, de 5 de desembre.<\/p><p>A aquest efecte, les dades personals dels usuaris seran tractats de conformitat amb els principis de licitud, lleialtat, transpar\u00e8ncia, limitaci\u00f3 de la finalitat, minimitzaci\u00f3 de dades, exactitud, integritat i confidencialitat, respectant al mateix temps la resta de les obligacions i garanties establertes en la citada normativa legal.<\/p><p>Per a obtenir m\u00e9s informaci\u00f3 sobre com gestionem les dades personals dels nostres usuaris, consulti la nostra <a href=\"https:\/\/agecad.com\/ca\/politica-de-privacitat\/\">Pol\u00edtica de privacitat.<\/a><\/p>\t\t\t\t\t\t\t\t<\/div>\n\t\t\t\t<\/div>\n\t\t\t\t<div class=\"elementor-element elementor-element-17e5e1b elementor-widget elementor-widget-heading\" data-id=\"17e5e1b\" data-element_type=\"widget\" data-widget_type=\"heading.default\">\n\t\t\t\t<div class=\"elementor-widget-container\">\n\t\t\t\t\t<h2 class=\"elementor-heading-title elementor-size-default\">6. PROPIETAT INDUSTRIAL I INTEL\u00b7LECTUAL<\/h2>\t\t\t\t<\/div>\n\t\t\t\t<\/div>\n\t\t\t\t<div class=\"elementor-element elementor-element-b030faf elementor-widget elementor-widget-text-editor\" data-id=\"b030faf\" data-element_type=\"widget\" data-widget_type=\"text-editor.default\">\n\t\t\t\t<div class=\"elementor-widget-container\">\n\t\t\t\t\t\t\t\t\t<p>La totalitat dels continguts del Lloc web (textos, fotografies, gr\u00e0fics, imatges, tecnologia, programari, links, continguts audiovisuals, disseny gr\u00e0fic, codi font, etc.), aix\u00ed com les marques i altres signes distintius s\u00f3n propietat de AGECAD o de tercers, sent aquests els titulars dels corresponents drets de propietat intel\u00b7lectual i industrial, no adquirint l&#8217;usuari cap facultat sobre ells pel mer acc\u00e9s i \u00fas del Lloc web.<\/p><p>Queda prohibida la utilitzaci\u00f3, reproducci\u00f3, distribuci\u00f3, comunicaci\u00f3 p\u00fablica i transformaci\u00f3 dels continguts del Lloc web de qualsevol mode per part de l&#8217;usuari, excepte en els casos contemplats legalment o expressament autoritzats per AGECAD. En aquest sentit, s&#8217;exceptua l&#8217;explotaci\u00f3 dels continguts que sigui expressament autoritzada per AGECAD als seus clients o prove\u00efdors en virtut del corresponent contracte, aix\u00ed com l&#8217;\u00fas personal i privat dels continguts d&#8217;acc\u00e9s lliure i gratu\u00eft existents en el Lloc web. <\/p><p>Qualsevol \u00fas dels continguts del Lloc web que incompleixi l&#8217;anterior obligaci\u00f3, es considerar\u00e0 un incompliment greu dels drets de propietat intel\u00b7lectual o industrial de AGECAD o de tercers, podent ser denunciat i perseguit per tots els mitjans legals.<\/p><p>A fi de poder realitzar qualsevol tipus d&#8217;observaci\u00f3 respecte a possibles vulneracions dels drets de propietat intel\u00b7lectual o industrial de AGECAD o dels seus leg\u00edtims titulars, pot fer-ho a trav\u00e9s de l&#8217;adre\u00e7a de correu electr\u00f2nic <a href=\"mailto:agecad@agecad.com\">agecad@agecad.com.<\/a><\/p>\t\t\t\t\t\t\t\t<\/div>\n\t\t\t\t<\/div>\n\t\t\t\t<div class=\"elementor-element elementor-element-fc2763c elementor-widget elementor-widget-heading\" data-id=\"fc2763c\" data-element_type=\"widget\" data-widget_type=\"heading.default\">\n\t\t\t\t<div class=\"elementor-widget-container\">\n\t\t\t\t\t<h2 class=\"elementor-heading-title elementor-size-default\">7. LLEI APLICABLE I JURISDICCI\u00d3<\/h2>\t\t\t\t<\/div>\n\t\t\t\t<\/div>\n\t\t\t\t<div class=\"elementor-element elementor-element-ab54fe8 elementor-widget elementor-widget-text-editor\" data-id=\"ab54fe8\" data-element_type=\"widget\" data-widget_type=\"text-editor.default\">\n\t\t\t\t<div class=\"elementor-widget-container\">\n\t\t\t\t\t\t\t\t\t<p>El present Av\u00eds Legal es regeix per la legislaci\u00f3 espanyola, sent competents els jutjats i tribunals espanyols per a con\u00e8ixer de quantes q\u00fcestions se suscitin sobre la seva interpretaci\u00f3, aplicaci\u00f3 i compliment. L&#8217;usuari, en virtut de l&#8217;acceptaci\u00f3 de les previsions recollides en aquest Av\u00eds legal, ren\u00fancia expressament a qualsevol fur distint que per aplicaci\u00f3 de la Llei vigent pogu\u00e9s correspondre-li. <\/p><p>No obstant aix\u00f2, si l&#8217;usuari presenta la condici\u00f3 de consumidor, les disposicions de l&#8217;Av\u00eds Legal estaran igualment subjectes a la corresponent legislaci\u00f3 local aplicable, sotmetent-se conseq\u00fcentment qualsevol controv\u00e8rsia als tribunals competents del domicili de l&#8217;usuari.<\/p>\t\t\t\t\t\t\t\t<\/div>\n\t\t\t\t<\/div>\n\t\t\t\t<\/div>\n\t\t\t\t\t<\/div>\n\t\t\t\t<\/div>\n\t\t\t\t<\/div>\n\t\t","protected":false},"excerpt":{"rendered":"<p>AV\u00cdS LEGAL Amb la finalitat de donar compliment a l&#8217;article 10 de la Llei 34\/2002 de Serveis de la Societat [&hellip;]<\/p>\n","protected":false},"author":1,"featured_media":0,"parent":0,"menu_order":0,"comment_status":"closed","ping_status":"closed","template":"","meta":{"site-sidebar-layout":"no-sidebar","site-content-layout":"","ast-site-content-layout":"full-width-container","site-content-style":"default","site-sidebar-style":"default","ast-global-header-display":"","ast-banner-title-visibility":"","ast-main-header-display":"","ast-hfb-above-header-display":"","ast-hfb-below-header-display":"","ast-hfb-mobile-header-display":"","site-post-title":"","ast-breadcrumbs-content":"","ast-featured-img":"disabled","footer-sml-layout":"","theme-transparent-header-meta":"","adv-header-id-meta":"","stick-header-meta":"","header-above-stick-meta":"","header-main-stick-meta":"","header-below-stick-meta":"","astra-migrate-meta-layouts":"default","ast-page-background-enabled":"default","ast-page-background-meta":{"desktop":{"background-color":"var(--ast-global-color-4)","background-image":"","background-repeat":"repeat","background-position":"center center","background-size":"auto","background-attachment":"scroll","background-type":"","background-media":"","overlay-type":"","overlay-color":"","overlay-opacity":"","overlay-gradient":""},"tablet":{"background-color":"","background-image":"","background-repeat":"repeat","background-position":"center center","background-size":"auto","background-attachment":"scroll","background-type":"","background-media":"","overlay-type":"","overlay-color":"","overlay-opacity":"","overlay-gradient":""},"mobile":{"background-color":"","background-image":"","background-repeat":"repeat","background-position":"center center","background-size":"auto","background-attachment":"scroll","background-type":"","background-media":"","overlay-type":"","overlay-color":"","overlay-opacity":"","overlay-gradient":""}},"ast-content-background-meta":{"desktop":{"background-color":"var(--ast-global-color-5)","background-image":"","background-repeat":"repeat","background-position":"center center","background-size":"auto","background-attachment":"scroll","background-type":"","background-media":"","overlay-type":"","overlay-color":"","overlay-opacity":"","overlay-gradient":""},"tablet":{"background-color":"var(--ast-global-color-5)","background-image":"","background-repeat":"repeat","background-position":"center center","background-size":"auto","background-attachment":"scroll","background-type":"","background-media":"","overlay-type":"","overlay-color":"","overlay-opacity":"","overlay-gradient":""},"mobile":{"background-color":"var(--ast-global-color-5)","background-image":"","background-repeat":"repeat","background-position":"center center","background-size":"auto","background-attachment":"scroll","background-type":"","background-media":"","overlay-type":"","overlay-color":"","overlay-opacity":"","overlay-gradient":""}},"footnotes":""},"class_list":["post-2383","page","type-page","status-publish","hentry"],"yoast_head":"<!-- This site is optimized with the Yoast SEO plugin v26.8 - https:\/\/yoast.com\/product\/yoast-seo-wordpress\/ -->\n<title>Av\u00eds Legal - Agecad<\/title>\n<meta name=\"robots\" content=\"index, follow, max-snippet:-1, max-image-preview:large, max-video-preview:-1\" \/>\n<link rel=\"canonical\" href=\"https:\/\/agecad.com\/ca\/avis-legal\/\" \/>\n<meta property=\"og:locale\" content=\"ca_ES\" \/>\n<meta property=\"og:type\" content=\"article\" \/>\n<meta property=\"og:title\" content=\"Av\u00eds Legal - Agecad\" \/>\n<meta property=\"og:description\" content=\"AV\u00cdS LEGAL Amb la finalitat de donar compliment a l&#8217;article 10 de la Llei 34\/2002 de Serveis de la Societat [&hellip;]\" \/>\n<meta property=\"og:url\" content=\"https:\/\/agecad.com\/ca\/avis-legal\/\" \/>\n<meta property=\"og:site_name\" content=\"Agecad\" \/>\n<meta property=\"article:modified_time\" content=\"2026-01-28T08:40:31+00:00\" \/>\n<meta name=\"twitter:card\" content=\"summary_large_image\" \/>\n<meta name=\"twitter:label1\" content=\"Temps estimat de lectura\" \/>\n\t<meta name=\"twitter:data1\" content=\"9 minuts\" \/>\n<script type=\"application\/ld+json\" class=\"yoast-schema-graph\">{\"@context\":\"https:\/\/schema.org\",\"@graph\":[{\"@type\":\"WebPage\",\"@id\":\"https:\/\/agecad.com\/ca\/avis-legal\/\",\"url\":\"https:\/\/agecad.com\/ca\/avis-legal\/\",\"name\":\"Av\u00eds Legal - Agecad\",\"isPartOf\":{\"@id\":\"https:\/\/agecad.com\/#website\"},\"datePublished\":\"2024-08-16T07:31:51+00:00\",\"dateModified\":\"2026-01-28T08:40:31+00:00\",\"breadcrumb\":{\"@id\":\"https:\/\/agecad.com\/ca\/avis-legal\/#breadcrumb\"},\"inLanguage\":\"ca\",\"potentialAction\":[{\"@type\":\"ReadAction\",\"target\":[\"https:\/\/agecad.com\/ca\/avis-legal\/\"]}]},{\"@type\":\"BreadcrumbList\",\"@id\":\"https:\/\/agecad.com\/ca\/avis-legal\/#breadcrumb\",\"itemListElement\":[{\"@type\":\"ListItem\",\"position\":1,\"name\":\"Portada\",\"item\":\"https:\/\/agecad.com\/ca\/inici\/\"},{\"@type\":\"ListItem\",\"position\":2,\"name\":\"Av\u00eds Legal\"}]},{\"@type\":\"WebSite\",\"@id\":\"https:\/\/agecad.com\/#website\",\"url\":\"https:\/\/agecad.com\/\",\"name\":\"Agecad\",\"description\":\"\",\"publisher\":{\"@id\":\"https:\/\/agecad.com\/#organization\"},\"potentialAction\":[{\"@type\":\"SearchAction\",\"target\":{\"@type\":\"EntryPoint\",\"urlTemplate\":\"https:\/\/agecad.com\/?s={search_term_string}\"},\"query-input\":{\"@type\":\"PropertyValueSpecification\",\"valueRequired\":true,\"valueName\":\"search_term_string\"}}],\"inLanguage\":\"ca\"},{\"@type\":\"Organization\",\"@id\":\"https:\/\/agecad.com\/#organization\",\"name\":\"Agecad\",\"url\":\"https:\/\/agecad.com\/\",\"logo\":{\"@type\":\"ImageObject\",\"inLanguage\":\"ca\",\"@id\":\"https:\/\/agecad.com\/#\/schema\/logo\/image\/\",\"url\":\"https:\/\/agecad.com\/wp-content\/uploads\/2024\/08\/Agecad_Logo_Web-scaled.png\",\"contentUrl\":\"https:\/\/agecad.com\/wp-content\/uploads\/2024\/08\/Agecad_Logo_Web-scaled.png\",\"width\":2560,\"height\":790,\"caption\":\"Agecad\"},\"image\":{\"@id\":\"https:\/\/agecad.com\/#\/schema\/logo\/image\/\"}}]}<\/script>\n<!-- \/ Yoast SEO plugin. -->","yoast_head_json":{"title":"Av\u00eds Legal - Agecad","robots":{"index":"index","follow":"follow","max-snippet":"max-snippet:-1","max-image-preview":"max-image-preview:large","max-video-preview":"max-video-preview:-1"},"canonical":"https:\/\/agecad.com\/ca\/avis-legal\/","og_locale":"ca_ES","og_type":"article","og_title":"Av\u00eds Legal - Agecad","og_description":"AV\u00cdS LEGAL Amb la finalitat de donar compliment a l&#8217;article 10 de la Llei 34\/2002 de Serveis de la Societat [&hellip;]","og_url":"https:\/\/agecad.com\/ca\/avis-legal\/","og_site_name":"Agecad","article_modified_time":"2026-01-28T08:40:31+00:00","twitter_card":"summary_large_image","twitter_misc":{"Temps estimat de lectura":"9 minuts"},"schema":{"@context":"https:\/\/schema.org","@graph":[{"@type":"WebPage","@id":"https:\/\/agecad.com\/ca\/avis-legal\/","url":"https:\/\/agecad.com\/ca\/avis-legal\/","name":"Av\u00eds Legal - Agecad","isPartOf":{"@id":"https:\/\/agecad.com\/#website"},"datePublished":"2024-08-16T07:31:51+00:00","dateModified":"2026-01-28T08:40:31+00:00","breadcrumb":{"@id":"https:\/\/agecad.com\/ca\/avis-legal\/#breadcrumb"},"inLanguage":"ca","potentialAction":[{"@type":"ReadAction","target":["https:\/\/agecad.com\/ca\/avis-legal\/"]}]},{"@type":"BreadcrumbList","@id":"https:\/\/agecad.com\/ca\/avis-legal\/#breadcrumb","itemListElement":[{"@type":"ListItem","position":1,"name":"Portada","item":"https:\/\/agecad.com\/ca\/inici\/"},{"@type":"ListItem","position":2,"name":"Av\u00eds Legal"}]},{"@type":"WebSite","@id":"https:\/\/agecad.com\/#website","url":"https:\/\/agecad.com\/","name":"Agecad","description":"","publisher":{"@id":"https:\/\/agecad.com\/#organization"},"potentialAction":[{"@type":"SearchAction","target":{"@type":"EntryPoint","urlTemplate":"https:\/\/agecad.com\/?s={search_term_string}"},"query-input":{"@type":"PropertyValueSpecification","valueRequired":true,"valueName":"search_term_string"}}],"inLanguage":"ca"},{"@type":"Organization","@id":"https:\/\/agecad.com\/#organization","name":"Agecad","url":"https:\/\/agecad.com\/","logo":{"@type":"ImageObject","inLanguage":"ca","@id":"https:\/\/agecad.com\/#\/schema\/logo\/image\/","url":"https:\/\/agecad.com\/wp-content\/uploads\/2024\/08\/Agecad_Logo_Web-scaled.png","contentUrl":"https:\/\/agecad.com\/wp-content\/uploads\/2024\/08\/Agecad_Logo_Web-scaled.png","width":2560,"height":790,"caption":"Agecad"},"image":{"@id":"https:\/\/agecad.com\/#\/schema\/logo\/image\/"}}]}},"_links":{"self":[{"href":"https:\/\/agecad.com\/ca\/wp-json\/wp\/v2\/pages\/2383","targetHints":{"allow":["GET"]}}],"collection":[{"href":"https:\/\/agecad.com\/ca\/wp-json\/wp\/v2\/pages"}],"about":[{"href":"https:\/\/agecad.com\/ca\/wp-json\/wp\/v2\/types\/page"}],"author":[{"embeddable":true,"href":"https:\/\/agecad.com\/ca\/wp-json\/wp\/v2\/users\/1"}],"replies":[{"embeddable":true,"href":"https:\/\/agecad.com\/ca\/wp-json\/wp\/v2\/comments?post=2383"}],"version-history":[{"count":3,"href":"https:\/\/agecad.com\/ca\/wp-json\/wp\/v2\/pages\/2383\/revisions"}],"predecessor-version":[{"id":2792,"href":"https:\/\/agecad.com\/ca\/wp-json\/wp\/v2\/pages\/2383\/revisions\/2792"}],"wp:attachment":[{"href":"https:\/\/agecad.com\/ca\/wp-json\/wp\/v2\/media?parent=2383"}],"curies":[{"name":"wp","href":"https:\/\/api.w.org\/{rel}","templated":true}]}}